{"id":247,"date":"2025-04-20T10:19:31","date_gmt":"2025-04-20T10:19:31","guid":{"rendered":"https:\/\/arnowesterholm.fi\/?page_id=247"},"modified":"2025-04-27T17:57:11","modified_gmt":"2025-04-27T17:57:11","slug":"yleispolitiikka","status":"publish","type":"page","link":"https:\/\/arnowesterholm.fi\/index.php\/yleispolitiikka\/","title":{"rendered":"Yleispolitiikka"},"content":{"rendered":"\t\t<div data-elementor-type=\"wp-page\" data-elementor-id=\"247\" class=\"elementor elementor-247\">\n\t\t\t\t<div class=\"elementor-element elementor-element-ffcf36b e-flex e-con-boxed e-con e-parent\" data-id=\"ffcf36b\" data-element_type=\"container\" data-e-type=\"container\">\n\t\t\t\t\t<div class=\"e-con-inner\">\n\t\t\t\t<div class=\"elementor-element elementor-element-6287bc8 section-title-style-style4 title_position_default title_hover_border_default title-default readmore-btn-default-style tpg-el-box-border-enable tpg-border-bottom-disable elementor-widget elementor-widget-tpg-list-layout\" data-id=\"6287bc8\" data-element_type=\"widget\" data-e-type=\"widget\" data-widget_type=\"tpg-list-layout.default\">\n\t\t\t\t<div class=\"elementor-widget-container\">\n\t\t\t\t\t\n        <div class=\"rt-container-fluid rt-tpg-container tpg-el-main-wrapper list-layout1-main \"\n             data-sc-id=\"elementor\"\n             id=\"rt-tpg-container-3886165731\"\n             data-layout=\"list-layout1\"\n             data-grid-style=\"tpg-even\"\n             data-el-settings=''\n             data-el-query=''\n             data-el-path=''\n        >\n\t\t\t            <div class='tpg-header-wrapper '>\n\t\t\t\t\n        <div class=\"tpg-widget-heading-wrapper rt-clear heading-style4 \">\n            <span class=\"tpg-widget-heading-line line-left\"><\/span>\n            <h2 class='tpg-widget-heading'>\n            \n                                    <span>\n\t\t\t\t\t\tYleispolitiikka\t\t\t\t\t<\/span>\n                    \n                            <\/h2>            <span class=\"tpg-widget-heading-line line-right\"><\/span>\n\n            \n        <\/div>\n\n        \n                    <\/div>\n\n            <div data-title=\"Loading ...\" class=\"rt-row rt-content-loader list-layout1 tpg-even list-behaviour list-layout-wrapper\">\n\t\t\t\t\n<div class=\"rt-col-md-12 rt-col-sm-12 rt-col-xs-12 default rt-list-item rt-grid-item\" data-id=\"396\">\n\t<div class=\"rt-holder tpg-post-holder \">\n\t\t<div class=\"rt-detail rt-el-content-wrapper\">\n\t\t\t\n\t\t\t<div class=\"post-right-content\">\n\t\t\t\t<div class=\"entry-title-wrapper\"><h3 class=\"entry-title\"><a data-id=\"396\" href=\"https:\/\/arnowesterholm.fi\/index.php\/2025\/06\/09\/ratkaisun-hetki\/\" class=\"tpg-post-link\" target=\"_self\">Ratkaisun hetki!<\/a><\/h3><\/div>\n\t\t\t\t\n\t\t\t\t\t\t\t\t\t<div class=\"tpg-excerpt tpg-el-excerpt\">\n\t\t\t\t\t\t\t\t\t\t\t\t\t<div class=\"tpg-excerpt-inner\">\n\t\t\t\t\t\t\t\tHyv\u00e4t lukijat! Kuten tied\u00e4tte, olen asettunut ehdolle koksien puolueen 1. varapuheenjohtajuutta sek\u00e4 toissijaisesti 2. varapuheenjohtajuutta. Kirjoitin itsest\u00e4ni t\u00e4rkeimm\u00e4t asiat tiivist\u00e4v\u00e4n esittelyn puolueemme nettisivuille ja julkaisen sen my\u00f6s oheisessa blogiosiossa. Esittely: Politikon lis\u00e4ksi olen ammattiupseeri, kansallismielinen ideologi, lains\u00e4\u00e4d\u00e4nn\u00f6n ja kansainv\u00e4listen sopimusten\/velvoitteiden asiantuntija, ammattiriistanhoitaja, mets\u00e4st\u00e4j\u00e4 sek\u00e4 mets\u00e4talouden harjoittaja. Ep\u00e4suorat vallank\u00e4ytt\u00e4j\u00e4t: Perussyy siihen miksi suomalainen politiikka ei toimi...\t\t\t\t\t\t\t<\/div>\n\t\t\t\t\t\t\t\t\t\t\t\t\t\t\t\t\t<\/div>\n\t\t\t\t\n\t\t\t\t        <div class=\"post-footer\">\n            <div class=\"post-footer\">\n                <div class=\"read-more\">\n                    <a data-id=\"396\" href=\"https:\/\/arnowesterholm.fi\/index.php\/2025\/06\/09\/ratkaisun-hetki\/\" class=\"tpg-post-link\" target=\"_self\">Lue lis\u00e4\u00e4<\/a>                <\/div>\n            <\/div>\n        <\/div>\n        \t\t\t<\/div>\n\t\t<\/div>\n\t<\/div>\n<\/div>\n\n<div class=\"rt-col-md-12 rt-col-sm-12 rt-col-xs-12 default rt-list-item rt-grid-item\" data-id=\"394\">\n\t<div class=\"rt-holder tpg-post-holder \">\n\t\t<div class=\"rt-detail rt-el-content-wrapper\">\n\t\t\t\n\t\t\t<div class=\"post-right-content\">\n\t\t\t\t<div class=\"entry-title-wrapper\"><h3 class=\"entry-title\"><a data-id=\"394\" href=\"https:\/\/arnowesterholm.fi\/index.php\/2025\/05\/15\/vaalikampanjan-hairinta\/\" class=\"tpg-post-link\" target=\"_self\">Vaalikampanjan h\u00e4irint\u00e4!<\/a><\/h3><\/div>\n\t\t\t\t\n\t\t\t\t\t\t\t\t\t<div class=\"tpg-excerpt tpg-el-excerpt\">\n\t\t\t\t\t\t\t\t\t\t\t\t\t<div class=\"tpg-excerpt-inner\">\n\t\t\t\t\t\t\t\tHyv\u00e4t lukijat! Kuten tied\u00e4tte, virallistin vappuaattona ehdokkuuteni Perussuomalaisen puolueen puheenjohtajistovaalissa 14.06.2025 koskien puolueen 1.varapuheenjohtajuutta sek\u00e4 toissijaisesti koskien 2.varapuheenjohtajuutta. Julkaisin samaisena p\u00e4iv\u00e4n\u00e4 ehdolle asettumiseni virallistamisen my\u00f6s Suomi24-keskusteliforumin perussuomalaiset, mets\u00e4stys- ja kalastus, armeija sek\u00e4 maatilat- ja mets\u00e4osioissa. Julkaisuni poistettiin hyvin nopeasti kaikilta keskusteluosioilta, jonka johdosta tein kirjallisen tiedustelun tapahtumasta Suomi24-keskusteluforumin yll\u00e4pidolle. Samoin julkaisin edell\u00e4 mainituissa osioissa uuden...\t\t\t\t\t\t\t<\/div>\n\t\t\t\t\t\t\t\t\t\t\t\t\t\t\t\t\t<\/div>\n\t\t\t\t\n\t\t\t\t        <div class=\"post-footer\">\n            <div class=\"post-footer\">\n                <div class=\"read-more\">\n                    <a data-id=\"394\" href=\"https:\/\/arnowesterholm.fi\/index.php\/2025\/05\/15\/vaalikampanjan-hairinta\/\" class=\"tpg-post-link\" target=\"_self\">Lue lis\u00e4\u00e4<\/a>                <\/div>\n            <\/div>\n        <\/div>\n        \t\t\t<\/div>\n\t\t<\/div>\n\t<\/div>\n<\/div>\n\n<div class=\"rt-col-md-12 rt-col-sm-12 rt-col-xs-12 default rt-list-item rt-grid-item\" data-id=\"391\">\n\t<div class=\"rt-holder tpg-post-holder \">\n\t\t<div class=\"rt-detail rt-el-content-wrapper\">\n\t\t\t\n\t\t\t<div class=\"post-right-content\">\n\t\t\t\t<div class=\"entry-title-wrapper\"><h3 class=\"entry-title\"><a data-id=\"391\" href=\"https:\/\/arnowesterholm.fi\/index.php\/2025\/05\/05\/virallistan-ehdokkuuteni\/\" class=\"tpg-post-link\" target=\"_self\">Virallistan ehdokkuuteni<\/a><\/h3><\/div>\n\t\t\t\t\n\t\t\t\t\t\t\t\t\t<div class=\"tpg-excerpt tpg-el-excerpt\">\n\t\t\t\t\t\t\t\t\t\t\t\t\t<div class=\"tpg-excerpt-inner\">\n\t\t\t\t\t\t\t\tHyv\u00e4t perussuomalaiset! T\u00e4ll\u00e4 p\u00e4iv\u00e4m\u00e4\u00e4r\u00e4ll\u00e4 (30.04.25) virallistan ehdokkuuteni koskien Lahdessa 14.06.2025 pidett\u00e4v\u00e4n puoluekokouksen puheenjohtajistovaalia. Asetun ehdolle koskien Perussuomalaisen puolueen 1. varapuheenjohtajuutta sek\u00e4 toissijaisesti 2. varapuheenjohtajuutta! Eurooppaan ja Suomeen sen my\u00f6t\u00e4 kohdistuu vakavin suursodan uhka sitten toisen maailmansodan. Jo nyt muun muassa Yhdysvaltojen asettamien tullien my\u00f6t\u00e4 alkanut kauppasota saattaa eskaloitua maailman laajuiseksi talouskriisiksi. El\u00e4mme siis eritt\u00e4in vakavia...\t\t\t\t\t\t\t<\/div>\n\t\t\t\t\t\t\t\t\t\t\t\t\t\t\t\t\t<\/div>\n\t\t\t\t\n\t\t\t\t        <div class=\"post-footer\">\n            <div class=\"post-footer\">\n                <div class=\"read-more\">\n                    <a data-id=\"391\" href=\"https:\/\/arnowesterholm.fi\/index.php\/2025\/05\/05\/virallistan-ehdokkuuteni\/\" class=\"tpg-post-link\" target=\"_self\">Lue lis\u00e4\u00e4<\/a>                <\/div>\n            <\/div>\n        <\/div>\n        \t\t\t<\/div>\n\t\t<\/div>\n\t<\/div>\n<\/div>\n\n<div class=\"rt-col-md-12 rt-col-sm-12 rt-col-xs-12 default rt-list-item rt-grid-item\" data-id=\"154\">\n\t<div class=\"rt-holder tpg-post-holder \">\n\t\t<div class=\"rt-detail rt-el-content-wrapper\">\n\t\t\t\n\t\t\t<div class=\"post-right-content\">\n\t\t\t\t<div class=\"entry-title-wrapper\"><h3 class=\"entry-title\"><a data-id=\"154\" href=\"https:\/\/arnowesterholm.fi\/index.php\/2025\/04\/17\/kannatuskortit\/\" class=\"tpg-post-link\" target=\"_self\">Kannatuskortit<\/a><\/h3><\/div>\n\t\t\t\t\n\t\t\t\t\t\t\t\t\t<div class=\"tpg-excerpt tpg-el-excerpt\">\n\t\t\t\t\t\t\t\t\t\t\t\t\t<div class=\"tpg-excerpt-inner\">\n\t\t\t\t\t\t\t\tKaikki puolueen j\u00e4senet, jotka haluavat osallistua kampanjaan voivat printata sek\u00e4 t\u00e4ytt\u00e4\u00e4 oheisen kannatuskortin. L\u00e4hett\u00e4k\u00e4\u00e4 t\u00e4ytetty kortti skannattuna s\u00e4hk\u00f6postiosoitteeseeni&nbsp;yhteys@arnowesterholm.fi&nbsp;. Toisena vaihtoehtona voitte ilmoittaa allekirjoittaneelle osoitteenne&nbsp;niin l\u00e4het\u00e4n kannatuskortin&nbsp;sek\u00e4 valmiiksi maksetun&nbsp;palautuskuoren...\t\t\t\t\t\t\t<\/div>\n\t\t\t\t\t\t\t\t\t\t\t\t\t\t\t\t\t<\/div>\n\t\t\t\t\n\t\t\t\t        <div class=\"post-footer\">\n            <div class=\"post-footer\">\n                <div class=\"read-more\">\n                    <a data-id=\"154\" href=\"https:\/\/arnowesterholm.fi\/index.php\/2025\/04\/17\/kannatuskortit\/\" class=\"tpg-post-link\" target=\"_self\">Lue lis\u00e4\u00e4<\/a>                <\/div>\n            <\/div>\n        <\/div>\n        \t\t\t<\/div>\n\t\t<\/div>\n\t<\/div>\n<\/div>\n\n<div class=\"rt-col-md-12 rt-col-sm-12 rt-col-xs-12 default rt-list-item rt-grid-item\" data-id=\"152\">\n\t<div class=\"rt-holder tpg-post-holder \">\n\t\t<div class=\"rt-detail rt-el-content-wrapper\">\n\t\t\t\n\t\t\t<div class=\"post-right-content\">\n\t\t\t\t<div class=\"entry-title-wrapper\"><h3 class=\"entry-title\"><a data-id=\"152\" href=\"https:\/\/arnowesterholm.fi\/index.php\/2025\/04\/17\/epaluottamuslause-puoluejohdolle\/\" class=\"tpg-post-link\" target=\"_self\">Ep\u00e4luottamuslause puoluejohdolle!<\/a><\/h3><\/div>\n\t\t\t\t\n\t\t\t\t\t\t\t\t\t<div class=\"tpg-excerpt tpg-el-excerpt\">\n\t\t\t\t\t\t\t\t\t\t\t\t\t<div class=\"tpg-excerpt-inner\">\n\t\t\t\t\t\t\t\tHyv\u00e4t lukijat! Ei olisi eilen 26.02. kannattanut lukea p\u00e4iv\u00e4n uutisia. Y\u00f6uneni pilaantuivat pitk\u00e4lti sen johdosta, ett\u00e4 tulin tietoiseksi puoluejohdon toimista koskien europarlamentaarikko Teuvo Hakkaraista. Puolueemme t\u00e4m\u00e4nhetkinen EU-parlamenttivaalilista on t\u00e4ysin ep\u00e4onnistunut. Siell\u00e4 olevat henkil\u00f6t eiv\u00e4t ole sopivia EU-parlamenttiin, koska eiv\u00e4t ole aikaan saaneet mit\u00e4\u00e4n kuluvan hallituskauden aikana. Lis\u00e4ksi monien listan henkil\u00f6iden todellinen motiivi on puolueen itse...\t\t\t\t\t\t\t<\/div>\n\t\t\t\t\t\t\t\t\t\t\t\t\t\t\t\t\t<\/div>\n\t\t\t\t\n\t\t\t\t        <div class=\"post-footer\">\n            <div class=\"post-footer\">\n                <div class=\"read-more\">\n                    <a data-id=\"152\" href=\"https:\/\/arnowesterholm.fi\/index.php\/2025\/04\/17\/epaluottamuslause-puoluejohdolle\/\" class=\"tpg-post-link\" target=\"_self\">Lue lis\u00e4\u00e4<\/a>                <\/div>\n            <\/div>\n        <\/div>\n        \t\t\t<\/div>\n\t\t<\/div>\n\t<\/div>\n<\/div>\n            <\/div>\n\n\t\t\t\n        <\/div>\n\t\t\t\t\t\t<\/div>\n\t\t\t\t<\/div>\n\t\t\t\t\t<\/div>\n\t\t\t\t<\/div>\n\t\t\t\t<\/div>\n\t\t","protected":false},"excerpt":{"rendered":"<p>Yleispolitiikka Kannatuskortit Kaikki puolueen j\u00e4senet, jotka haluavat osallistua kampanjaan voivat printata sek\u00e4 t\u00e4ytt\u00e4\u00e4 oheisen kannatuskortin. L\u00e4hett\u00e4k\u00e4\u00e4 t\u00e4ytetty kortti skannattuna s\u00e4hk\u00f6postiosoitteeseeni&nbsp;yhteys@arnowesterholm.fi&nbsp;. Toisena vaihtoehtona voitte ilmoittaa allekirjoittaneelle osoitteenne&nbsp;niin l\u00e4het\u00e4n kannatuskortin&nbsp;sek\u00e4 valmiiksi maksetun&nbsp;palautuskuoren&#8230; Lue lis\u00e4\u00e4 Ep\u00e4luottamuslause puoluejohdolle! Hyv\u00e4t lukijat! Ei olisi eilen 26.02. kannattanut lukea p\u00e4iv\u00e4n uutisia. Y\u00f6uneni pilaantuivat pitk\u00e4lti sen johdosta, ett\u00e4 tulin tietoiseksi puoluejohdon toimista koskien [&hellip;]<\/p>\n","protected":false},"author":2,"featured_media":0,"parent":0,"menu_order":0,"comment_status":"closed","ping_status":"closed","template":"elementor_canvas","meta":{"footnotes":""},"class_list":["post-247","page","type-page","status-publish","hentry"],"rttpg_featured_image_url":null,"rttpg_author":{"display_name":"anssi","author_link":"https:\/\/arnowesterholm.fi\/index.php\/author\/anssi\/"},"rttpg_comment":0,"rttpg_category":"","rttpg_excerpt":"Yleispolitiikka Kannatuskortit Kaikki puolueen j\u00e4senet, jotka haluavat osallistua kampanjaan voivat printata sek\u00e4 t\u00e4ytt\u00e4\u00e4 oheisen kannatuskortin. L\u00e4hett\u00e4k\u00e4\u00e4 t\u00e4ytetty kortti skannattuna s\u00e4hk\u00f6postiosoitteeseeni&nbsp;yhteys@arnowesterholm.fi&nbsp;. Toisena vaihtoehtona voitte ilmoittaa allekirjoittaneelle osoitteenne&nbsp;niin l\u00e4het\u00e4n kannatuskortin&nbsp;sek\u00e4 valmiiksi maksetun&nbsp;palautuskuoren&#8230; Lue lis\u00e4\u00e4 Ep\u00e4luottamuslause puoluejohdolle! Hyv\u00e4t lukijat! Ei olisi eilen 26.02. kannattanut lukea p\u00e4iv\u00e4n uutisia. Y\u00f6uneni pilaantuivat pitk\u00e4lti sen johdosta, ett\u00e4 tulin tietoiseksi puoluejohdon toimista koskien&hellip;","_links":{"self":[{"href":"https:\/\/arnowesterholm.fi\/index.php\/wp-json\/wp\/v2\/pages\/247","targetHints":{"allow":["GET"]}}],"collection":[{"href":"https:\/\/arnowesterholm.fi\/index.php\/wp-json\/wp\/v2\/pages"}],"about":[{"href":"https:\/\/arnowesterholm.fi\/index.php\/wp-json\/wp\/v2\/types\/page"}],"author":[{"embeddable":true,"href":"https:\/\/arnowesterholm.fi\/index.php\/wp-json\/wp\/v2\/users\/2"}],"replies":[{"embeddable":true,"href":"https:\/\/arnowesterholm.fi\/index.php\/wp-json\/wp\/v2\/comments?post=247"}],"version-history":[{"count":10,"href":"https:\/\/arnowesterholm.fi\/index.php\/wp-json\/wp\/v2\/pages\/247\/revisions"}],"predecessor-version":[{"id":390,"href":"https:\/\/arnowesterholm.fi\/index.php\/wp-json\/wp\/v2\/pages\/247\/revisions\/390"}],"wp:attachment":[{"href":"https:\/\/arnowesterholm.fi\/index.php\/wp-json\/wp\/v2\/media?parent=247"}],"curies":[{"name":"wp","href":"https:\/\/api.w.org\/{rel}","templated":true}]}}