{"id":243,"date":"2025-04-20T10:18:33","date_gmt":"2025-04-20T10:18:33","guid":{"rendered":"https:\/\/arnowesterholm.fi\/?page_id=243"},"modified":"2025-04-27T17:55:17","modified_gmt":"2025-04-27T17:55:17","slug":"metsastys-riistanhoito-ja-metsapolitiikka","status":"publish","type":"page","link":"https:\/\/arnowesterholm.fi\/index.php\/metsastys-riistanhoito-ja-metsapolitiikka\/","title":{"rendered":"Mets\u00e4stys-, riistanhoito- ja mets\u00e4politiikka"},"content":{"rendered":"\t\t<div data-elementor-type=\"wp-page\" data-elementor-id=\"243\" class=\"elementor elementor-243\">\n\t\t\t\t<div class=\"elementor-element elementor-element-e6154c0 e-flex e-con-boxed e-con e-parent\" data-id=\"e6154c0\" data-element_type=\"container\" data-e-type=\"container\">\n\t\t\t\t\t<div class=\"e-con-inner\">\n\t\t\t\t<div class=\"elementor-element elementor-element-1b32d46 section-title-style-style4 meta-visibility-show title_position_default title_hover_border_default title-default img_hover_animation_default meta_position_default readmore-btn-default-style grid-hover-overlay-type-always tpg-el-box-border-enable tpg-border-bottom-disable elementor-widget elementor-widget-tpg-list-layout\" data-id=\"1b32d46\" data-element_type=\"widget\" data-e-type=\"widget\" data-widget_type=\"tpg-list-layout.default\">\n\t\t\t\t<div class=\"elementor-widget-container\">\n\t\t\t\t\t\n        <div class=\"rt-container-fluid rt-tpg-container tpg-el-main-wrapper list-layout1-main \"\n             data-sc-id=\"elementor\"\n             id=\"rt-tpg-container-2343617193\"\n             data-layout=\"list-layout1\"\n             data-grid-style=\"tpg-even\"\n             data-el-settings=''\n             data-el-query=''\n             data-el-path=''\n        >\n\t\t\t            <div class='tpg-header-wrapper '>\n\t\t\t\t\n        <div class=\"tpg-widget-heading-wrapper rt-clear heading-style4 \">\n            <span class=\"tpg-widget-heading-line line-left\"><\/span>\n            <h2 class='tpg-widget-heading'>\n            \n                                    <span>\n\t\t\t\t\t\tMets\u00e4stys-, riistanhoito- ja mets\u00e4politiikka\t\t\t\t\t<\/span>\n                    \n                            <\/h2>            <span class=\"tpg-widget-heading-line line-right\"><\/span>\n\n            \n        <\/div>\n\n        \n                    <\/div>\n\n            <div data-title=\"Loading ...\" class=\"rt-row rt-content-loader list-layout1 tpg-even list-behaviour list-layout-wrapper\">\n\t\t\t\t\n<div class=\"rt-col-md-12 rt-col-sm-12 rt-col-xs-12 default rt-list-item rt-grid-item\" data-id=\"137\">\n\t<div class=\"rt-holder tpg-post-holder \">\n\t\t<div class=\"rt-detail rt-el-content-wrapper\">\n\t\t\t\t\t\t\t<div class=\"rt-img-holder tpg-el-image-wrap has-no-thumbnail\">\n\t\t\t\t\t<a data-id=\"137\" href=\"https:\/\/arnowesterholm.fi\/index.php\/2025\/04\/17\/helmi-ohjelma-on-viherpolitisoitunutta-rahan-haaskausta\/\" class=\"tpg-post-link\" target=\"_self\">        \n        <\/a>\n                <div class=\"overlay grid-hover-content\"><\/div>\n        \t\t\t\t<\/div>\n\t\t\t\n\t\t\t<div class=\"post-right-content\">\n\t\t\t\t<div class=\"entry-title-wrapper\"><h3 class=\"entry-title\"><a data-id=\"137\" href=\"https:\/\/arnowesterholm.fi\/index.php\/2025\/04\/17\/helmi-ohjelma-on-viherpolitisoitunutta-rahan-haaskausta\/\" class=\"tpg-post-link\" target=\"_self\">Helmi-ohjelma on viherpolitisoitunutta rahan haaskausta!<\/a><\/h3><\/div>\n\t\t\t\t\t\t\t\t\t<div class=\"post-meta-tags rt-el-post-meta\">\n\t\t\t\t\t\t\t\t\t\t\t<\/div>\n\t\t\t\t\n\t\t\t\t\t\t\t\t\t<div class=\"tpg-excerpt tpg-el-excerpt\">\n\t\t\t\t\t\t\t\t\t\t\t\t\t<div class=\"tpg-excerpt-inner\">\n\t\t\t\t\t\t\t\tHyv\u00e4t perussuomalaiset! Aloitan oheisen blogin, kokonaistilanteen alkukehityksest\u00e4. Maamme mets\u00e4stys,- riistanhoito ja mets\u00e4politiikka on ollut jo pidemm\u00e4n aikaa katastrofaalista verrattuna jopa muihin Euroopan Unionin j\u00e4senvaltioihin. Kyseinen politiikan sara koskettaa suoraan noin 600 000 kansalaistamme p\u00e4ivitt\u00e4in ja ep\u00e4suorasti ihan jokaista. Syy vallitsevaan politiikkaan l\u00f6ytyy vihreiden erinomaisesta kyvyst\u00e4 verkostoitua. Moni ministeri\u00f6 ja varsinkin aihealuetta l\u00e4hell\u00e4 olevat valtiolliset organisaatiot...\t\t\t\t\t\t\t<\/div>\n\t\t\t\t\t\t\t\t\t\t\t\t\t\t\t\t\t<\/div>\n\t\t\t\t\n\t\t\t\t        <div class=\"post-footer\">\n            <div class=\"post-footer\">\n                <div class=\"read-more\">\n                    <a data-id=\"137\" href=\"https:\/\/arnowesterholm.fi\/index.php\/2025\/04\/17\/helmi-ohjelma-on-viherpolitisoitunutta-rahan-haaskausta\/\" class=\"tpg-post-link\" target=\"_self\">Lue lis\u00e4\u00e4<\/a>                <\/div>\n            <\/div>\n        <\/div>\n        \t\t\t<\/div>\n\t\t<\/div>\n\t<\/div>\n<\/div>\n\n<div class=\"rt-col-md-12 rt-col-sm-12 rt-col-xs-12 default rt-list-item rt-grid-item\" data-id=\"135\">\n\t<div class=\"rt-holder tpg-post-holder \">\n\t\t<div class=\"rt-detail rt-el-content-wrapper\">\n\t\t\t\t\t\t\t<div class=\"rt-img-holder tpg-el-image-wrap has-no-thumbnail\">\n\t\t\t\t\t<a data-id=\"135\" href=\"https:\/\/arnowesterholm.fi\/index.php\/2025\/04\/17\/analyysi-hallitusohjelmasta\/\" class=\"tpg-post-link\" target=\"_self\">        \n        <\/a>\n                <div class=\"overlay grid-hover-content\"><\/div>\n        \t\t\t\t<\/div>\n\t\t\t\n\t\t\t<div class=\"post-right-content\">\n\t\t\t\t<div class=\"entry-title-wrapper\"><h3 class=\"entry-title\"><a data-id=\"135\" href=\"https:\/\/arnowesterholm.fi\/index.php\/2025\/04\/17\/analyysi-hallitusohjelmasta\/\" class=\"tpg-post-link\" target=\"_self\">Analyysi hallitusohjelmasta!<\/a><\/h3><\/div>\n\t\t\t\t\t\t\t\t\t<div class=\"post-meta-tags rt-el-post-meta\">\n\t\t\t\t\t\t\t\t\t\t\t<\/div>\n\t\t\t\t\n\t\t\t\t\t\t\t\t\t<div class=\"tpg-excerpt tpg-el-excerpt\">\n\t\t\t\t\t\t\t\t\t\t\t\t\t<div class=\"tpg-excerpt-inner\">\n\t\t\t\t\t\t\t\tHyv\u00e4t puoluetoverit! Kuten aikaisemmassa blogissani totesin, olen varovaisen tyytyv\u00e4ine valmistuneeseen hallitusohjelmaan koskien mets\u00e4stys,- riistanhoito- ja mets\u00e4politiikkaa. Hallintojohtaja Kai J\u00e4rvikareen pyynn\u00f6st\u00e4 kirjoitin puolueemme hallitusneuvottelijoille kahdeksan sivuisen muistion koskien Mets\u00e4styskirjan poliittisia teemoja. Muistion viimeisill\u00e4 kahdella sivulla oli allekirjoittaneen esitys osakokonaisuuksista miten vakavassa kriisiss\u00e4 oleva politiikansara saadaan uudelle, oikealle kurssille. Julkaisen muistioni viimeiset sivut oheisessa blogissa ja tarkastelen...\t\t\t\t\t\t\t<\/div>\n\t\t\t\t\t\t\t\t\t\t\t\t\t\t\t\t\t<\/div>\n\t\t\t\t\n\t\t\t\t        <div class=\"post-footer\">\n            <div class=\"post-footer\">\n                <div class=\"read-more\">\n                    <a data-id=\"135\" href=\"https:\/\/arnowesterholm.fi\/index.php\/2025\/04\/17\/analyysi-hallitusohjelmasta\/\" class=\"tpg-post-link\" target=\"_self\">Lue lis\u00e4\u00e4<\/a>                <\/div>\n            <\/div>\n        <\/div>\n        \t\t\t<\/div>\n\t\t<\/div>\n\t<\/div>\n<\/div>\n\n<div class=\"rt-col-md-12 rt-col-sm-12 rt-col-xs-12 default rt-list-item rt-grid-item\" data-id=\"133\">\n\t<div class=\"rt-holder tpg-post-holder \">\n\t\t<div class=\"rt-detail rt-el-content-wrapper\">\n\t\t\t\t\t\t\t<div class=\"rt-img-holder tpg-el-image-wrap has-no-thumbnail\">\n\t\t\t\t\t<a data-id=\"133\" href=\"https:\/\/arnowesterholm.fi\/index.php\/2025\/04\/17\/arvio-tilanteen-kehittymisesta\/\" class=\"tpg-post-link\" target=\"_self\">        \n        <\/a>\n                <div class=\"overlay grid-hover-content\"><\/div>\n        \t\t\t\t<\/div>\n\t\t\t\n\t\t\t<div class=\"post-right-content\">\n\t\t\t\t<div class=\"entry-title-wrapper\"><h3 class=\"entry-title\"><a data-id=\"133\" href=\"https:\/\/arnowesterholm.fi\/index.php\/2025\/04\/17\/arvio-tilanteen-kehittymisesta\/\" class=\"tpg-post-link\" target=\"_self\">Arvio tilanteen kehittymisest\u00e4!<\/a><\/h3><\/div>\n\t\t\t\t\t\t\t\t\t<div class=\"post-meta-tags rt-el-post-meta\">\n\t\t\t\t\t\t\t\t\t\t\t<\/div>\n\t\t\t\t\n\t\t\t\t\t\t\t\t\t<div class=\"tpg-excerpt tpg-el-excerpt\">\n\t\t\t\t\t\t\t\t\t\t\t\t\t<div class=\"tpg-excerpt-inner\">\n\t\t\t\t\t\t\t\tARVIO TILANTEEN KEHITTYMISEST\u00c4 METS\u00c4STYS-, RIISTANHOITO- JA METS\u00c4POLIITIIKAN OSALTA Suomen Mets\u00e4st\u00e4j\u00e4liitto j\u00e4rjesti 20.04 P\u00e4\u00e4tt\u00e4j\u00e4paneelin koskien hallitusohjelmaan kirjattujen mets\u00e4styst\u00e4 koskevien osioiden vallitsevaa tilaa ja lains\u00e4\u00e4d\u00e4nn\u00f6llist\u00e4 valmistelua. Kyseiseen P\u00e4\u00e4tt\u00e4j\u00e4paneeliin osallistui maa- ja mets\u00e4talousministeri Sari Essayahin lis\u00e4ksi edustaja kaikista vallassa olevan hallituskoalition puolueista sek\u00e4 oppositiosta Keskustan ja Vihreiden edustaja. Katson, ett\u00e4 P\u00e4\u00e4tt\u00e4j\u00e4paneeli oli eritt\u00e4in t\u00e4rke\u00e4 linjoja vet\u00e4v\u00e4 sek\u00e4 kuluvan...\t\t\t\t\t\t\t<\/div>\n\t\t\t\t\t\t\t\t\t\t\t\t\t\t\t\t\t<\/div>\n\t\t\t\t\n\t\t\t\t        <div class=\"post-footer\">\n            <div class=\"post-footer\">\n                <div class=\"read-more\">\n                    <a data-id=\"133\" href=\"https:\/\/arnowesterholm.fi\/index.php\/2025\/04\/17\/arvio-tilanteen-kehittymisesta\/\" class=\"tpg-post-link\" target=\"_self\">Lue lis\u00e4\u00e4<\/a>                <\/div>\n            <\/div>\n        <\/div>\n        \t\t\t<\/div>\n\t\t<\/div>\n\t<\/div>\n<\/div>\n\n<div class=\"rt-col-md-12 rt-col-sm-12 rt-col-xs-12 default rt-list-item rt-grid-item\" data-id=\"98\">\n\t<div class=\"rt-holder tpg-post-holder \">\n\t\t<div class=\"rt-detail rt-el-content-wrapper\">\n\t\t\t\t\t\t\t<div class=\"rt-img-holder tpg-el-image-wrap has-no-thumbnail\">\n\t\t\t\t\t<a data-id=\"98\" href=\"https:\/\/arnowesterholm.fi\/index.php\/2025\/04\/17\/metsastys-riistanhoito-ja-metsapolitiikan-suunta-2024\/\" class=\"tpg-post-link\" target=\"_self\">        \n        <\/a>\n                <div class=\"overlay grid-hover-content\"><\/div>\n        \t\t\t\t<\/div>\n\t\t\t\n\t\t\t<div class=\"post-right-content\">\n\t\t\t\t<div class=\"entry-title-wrapper\"><h3 class=\"entry-title\"><a data-id=\"98\" href=\"https:\/\/arnowesterholm.fi\/index.php\/2025\/04\/17\/metsastys-riistanhoito-ja-metsapolitiikan-suunta-2024\/\" class=\"tpg-post-link\" target=\"_self\">Mets\u00e4stys-, riistanhoito- ja mets\u00e4politiikan suunta 2024<\/a><\/h3><\/div>\n\t\t\t\t\t\t\t\t\t<div class=\"post-meta-tags rt-el-post-meta\">\n\t\t\t\t\t\t\t\t\t\t\t<\/div>\n\t\t\t\t\n\t\t\t\t\t\t\t\t\t<div class=\"tpg-excerpt tpg-el-excerpt\">\n\t\t\t\t\t\t\t\t\t\t\t\t\t<div class=\"tpg-excerpt-inner\">\n\t\t\t\t\t\t\t\tHyv\u00e4t lukijat! Laadin Perussuomalaisen puolueen hallintojohtajan pyynn\u00f6st\u00e4 kirjoittamaani Mets\u00e4styskirjaan pohjautuvan laajan hallitusneuvottelumuistion puolueeni hallitusneuvottelijoille koskien mets\u00e4stys-, riistanhoito- ja mets\u00e4politiikkaa. Hallitusohjelman valmistuttua julkaisin 22.06.2023 Perussuomalaisen puolueen nettisivujen blogiosiossa kirjoittamani blogin \u201dAnalyysi hallitusohjelmasta\u201d. Vertasin kyseisess\u00e4 kirjoituksessa sit\u00e4, miten valmistunut hallitusohjelma vastasi neuvotteluihin laatimaani muistiota. Kehotin lukijoita tulostamaan laatimani analyysin, jotta vuoden kuluttua pystyt\u00e4\u00e4n tarkasti m\u00e4\u00e4rittelem\u00e4\u00e4n, mit\u00e4 hallitus...\t\t\t\t\t\t\t<\/div>\n\t\t\t\t\t\t\t\t\t\t\t\t\t\t\t\t\t<\/div>\n\t\t\t\t\n\t\t\t\t        <div class=\"post-footer\">\n            <div class=\"post-footer\">\n                <div class=\"read-more\">\n                    <a data-id=\"98\" href=\"https:\/\/arnowesterholm.fi\/index.php\/2025\/04\/17\/metsastys-riistanhoito-ja-metsapolitiikan-suunta-2024\/\" class=\"tpg-post-link\" target=\"_self\">Lue lis\u00e4\u00e4<\/a>                <\/div>\n            <\/div>\n        <\/div>\n        \t\t\t<\/div>\n\t\t<\/div>\n\t<\/div>\n<\/div>\n            <\/div>\n\n\t\t\t\n        <\/div>\n\t\t\t\t\t\t<\/div>\n\t\t\t\t<\/div>\n\t\t\t\t\t<\/div>\n\t\t\t\t<\/div>\n\t\t\t\t<\/div>\n\t\t","protected":false},"excerpt":{"rendered":"<p>Mets\u00e4stys-, riistanhoito- ja mets\u00e4politiikka Helmi-ohjelma on viherpolitisoitunutta rahan haaskausta! Hyv\u00e4t perussuomalaiset! Aloitan oheisen blogin, kokonaistilanteen alkukehityksest\u00e4. Maamme mets\u00e4stys,- riistanhoito ja mets\u00e4politiikka on ollut jo pidemm\u00e4n aikaa katastrofaalista verrattuna jopa muihin Euroopan Unionin j\u00e4senvaltioihin. Kyseinen politiikan sara koskettaa suoraan noin 600 000 kansalaistamme p\u00e4ivitt\u00e4in ja ep\u00e4suorasti ihan jokaista. Syy vallitsevaan politiikkaan l\u00f6ytyy vihreiden erinomaisesta kyvyst\u00e4 verkostoitua. [&hellip;]<\/p>\n","protected":false},"author":2,"featured_media":0,"parent":0,"menu_order":0,"comment_status":"closed","ping_status":"closed","template":"elementor_canvas","meta":{"footnotes":""},"class_list":["post-243","page","type-page","status-publish","hentry"],"rttpg_featured_image_url":null,"rttpg_author":{"display_name":"anssi","author_link":"https:\/\/arnowesterholm.fi\/index.php\/author\/anssi\/"},"rttpg_comment":0,"rttpg_category":"","rttpg_excerpt":"Mets\u00e4stys-, riistanhoito- ja mets\u00e4politiikka Helmi-ohjelma on viherpolitisoitunutta rahan haaskausta! Hyv\u00e4t perussuomalaiset! Aloitan oheisen blogin, kokonaistilanteen alkukehityksest\u00e4. Maamme mets\u00e4stys,- riistanhoito ja mets\u00e4politiikka on ollut jo pidemm\u00e4n aikaa katastrofaalista verrattuna jopa muihin Euroopan Unionin j\u00e4senvaltioihin. Kyseinen politiikan sara koskettaa suoraan noin 600 000 kansalaistamme p\u00e4ivitt\u00e4in ja ep\u00e4suorasti ihan jokaista. Syy vallitsevaan politiikkaan l\u00f6ytyy vihreiden erinomaisesta kyvyst\u00e4 verkostoitua.&hellip;","_links":{"self":[{"href":"https:\/\/arnowesterholm.fi\/index.php\/wp-json\/wp\/v2\/pages\/243","targetHints":{"allow":["GET"]}}],"collection":[{"href":"https:\/\/arnowesterholm.fi\/index.php\/wp-json\/wp\/v2\/pages"}],"about":[{"href":"https:\/\/arnowesterholm.fi\/index.php\/wp-json\/wp\/v2\/types\/page"}],"author":[{"embeddable":true,"href":"https:\/\/arnowesterholm.fi\/index.php\/wp-json\/wp\/v2\/users\/2"}],"replies":[{"embeddable":true,"href":"https:\/\/arnowesterholm.fi\/index.php\/wp-json\/wp\/v2\/comments?post=243"}],"version-history":[{"count":7,"href":"https:\/\/arnowesterholm.fi\/index.php\/wp-json\/wp\/v2\/pages\/243\/revisions"}],"predecessor-version":[{"id":381,"href":"https:\/\/arnowesterholm.fi\/index.php\/wp-json\/wp\/v2\/pages\/243\/revisions\/381"}],"wp:attachment":[{"href":"https:\/\/arnowesterholm.fi\/index.php\/wp-json\/wp\/v2\/media?parent=243"}],"curies":[{"name":"wp","href":"https:\/\/api.w.org\/{rel}","templated":true}]}}